{"id":1267,"date":"2025-12-18T18:36:14","date_gmt":"2025-12-18T17:36:14","guid":{"rendered":"https:\/\/2024.duesseldorf-loerick.de\/schuetzen\/?page_id=1267"},"modified":"2025-12-18T18:37:51","modified_gmt":"2025-12-18T17:37:51","slug":"koenige-2025-2026","status":"publish","type":"page","link":"http:\/\/2024.duesseldorf-loerick.de\/schuetzen\/koenige-2025-2026\/","title":{"rendered":"K\u00f6nige 2025\/2026"},"content":{"rendered":"\n<div class=\"wp-block-columns is-layout-flex wp-container-core-columns-is-layout-9d6595d7 wp-block-columns-is-layout-flex\">\n<div class=\"wp-block-column is-layout-flow wp-block-column-is-layout-flow\">\n<figure class=\"wp-block-image size-large\"><img decoding=\"async\" src=\"http:\/\/2024.duesseldorf-loerick.de\/schuetzen\/wp-content\/uploads\/2025\/11\/K1.png\" alt=\"\"\/><figcaption class=\"wp-element-caption\"> Regimentsk\u00f6nig ist Michael Janz, Hauptmann der Fidelen L\u00f6ricker<\/figcaption><\/figure>\n<\/div>\n\n\n\n<div class=\"wp-block-column is-layout-flow wp-block-column-is-layout-flow\">\n<figure class=\"wp-block-image size-large\"><img decoding=\"async\" src=\"http:\/\/2024.duesseldorf-loerick.de\/schuetzen\/wp-content\/uploads\/2025\/11\/K2.png\" alt=\"\"\/><figcaption class=\"wp-element-caption\">Jungsch\u00fctzenk\u00f6nigin Dana Hummelsbeck von den L\u00f6ricker M\u00e4dels<br>mit Begleiter Simon Beuse von der Marine-Kompanie<\/figcaption><\/figure>\n<\/div>\n\n\n\n<div class=\"wp-block-column is-layout-flow wp-block-column-is-layout-flow\">\n<figure class=\"wp-block-image size-large\"><img decoding=\"async\" src=\"http:\/\/2024.duesseldorf-loerick.de\/schuetzen\/wp-content\/uploads\/2025\/11\/K3.png\" alt=\"\"\/><figcaption class=\"wp-element-caption\">     Pagenk\u00f6nigspaar Noah Hassan-Feldschen mit Hannah Gerz<\/figcaption><\/figure>\n<\/div>\n<\/div>\n","protected":false},"excerpt":{"rendered":"","protected":false},"author":1,"featured_media":0,"parent":0,"menu_order":0,"comment_status":"closed","ping_status":"closed","template":"","meta":{"footnotes":""},"class_list":["post-1267","page","type-page","status-publish"],"_links":{"self":[{"href":"http:\/\/2024.duesseldorf-loerick.de\/schuetzen\/wp-json\/wp\/v2\/pages\/1267","targetHints":{"allow":["GET"]}}],"collection":[{"href":"http:\/\/2024.duesseldorf-loerick.de\/schuetzen\/wp-json\/wp\/v2\/pages"}],"about":[{"href":"http:\/\/2024.duesseldorf-loerick.de\/schuetzen\/wp-json\/wp\/v2\/types\/page"}],"author":[{"embeddable":true,"href":"http:\/\/2024.duesseldorf-loerick.de\/schuetzen\/wp-json\/wp\/v2\/users\/1"}],"replies":[{"embeddable":true,"href":"http:\/\/2024.duesseldorf-loerick.de\/schuetzen\/wp-json\/wp\/v2\/comments?post=1267"}],"version-history":[{"count":3,"href":"http:\/\/2024.duesseldorf-loerick.de\/schuetzen\/wp-json\/wp\/v2\/pages\/1267\/revisions"}],"predecessor-version":[{"id":1271,"href":"http:\/\/2024.duesseldorf-loerick.de\/schuetzen\/wp-json\/wp\/v2\/pages\/1267\/revisions\/1271"}],"wp:attachment":[{"href":"http:\/\/2024.duesseldorf-loerick.de\/schuetzen\/wp-json\/wp\/v2\/media?parent=1267"}],"curies":[{"name":"wp","href":"https:\/\/api.w.org\/{rel}","templated":true}]}}